{"id":77,"date":"2023-01-04T11:50:05","date_gmt":"2023-01-04T10:50:05","guid":{"rendered":"http:\/\/elektrocomplete.pl\/?page_id=77"},"modified":"2026-03-13T06:48:59","modified_gmt":"2026-03-13T05:48:59","slug":"aktualnosci","status":"publish","type":"page","link":"https:\/\/elektrocomplete.pl\/index.php\/aktualnosci\/","title":{"rendered":"Aktualno\u015bci"},"content":{"rendered":"\t\t<div data-elementor-type=\"wp-page\" data-elementor-id=\"77\" class=\"elementor elementor-77\">\n\t\t\t\t<div class=\"elementor-element elementor-element-73e61e37 e-flex e-con-boxed e-con e-parent\" data-id=\"73e61e37\" data-element_type=\"container\">\n\t\t\t\t\t<div class=\"e-con-inner\">\n\t\t\t\t<div class=\"elementor-element elementor-element-731cf516 elementor-widget elementor-widget-text-editor\" data-id=\"731cf516\" data-element_type=\"widget\" data-widget_type=\"text-editor.default\">\n\t\t\t\t\t\t\t\t\t<div class=\"wp-block-group has-white-background-color has-background\">\n<p><\/p>\n<p class=\"wp-elements-541f700f8a5f7387fe5668fb7d3ed8ae\"><span style=\"font-size: 35px;\"><span style=\"font-family: 'arial black', 'avant garde';\">Marzec 2026<\/span><\/span><\/p>\n<p>Ju\u017c w ten weekend zapraszamy na 26 Mi\u0119dzynarodowe Targi Budownictwa w Gliwicach.<\/p>\n<p><\/p>\n<p><\/p>\n<div class=\"gs\">\n<div class=\"\">\n<div id=\":qe\" class=\"ii gt\">\n<div id=\":qf\" class=\"a3s aiL \">\n<div><br><br><\/div><\/div><\/div><\/div><\/div><p><span style=\"font-size: 35px; font-family: 'arial black', 'avant garde';\">Lipiec 2025<\/span><\/p>\n<p>&nbsp; &nbsp; &nbsp; &nbsp; Wykonali\u015bmy ponad 150&nbsp; &nbsp; &nbsp; &nbsp; &nbsp; &nbsp; &nbsp; &nbsp; <br>instalacji!<\/p>\n<p><\/p>\n<div class=\"wp-block-spacer wp-container-content-7cd39ab2\" style=\"height: 0px;\" aria-hidden=\"true\">&nbsp;<\/div>\n<p><\/p>\n<\/div>\n<p><!-- \/wp:group --><!-- wp:group {\"backgroundColor\":\"white\",\"layout\":{\"type\":\"constrained\"}} --><\/p>\n<div class=\"wp-block-group has-white-background-color has-background\">\n<p><!-- wp:paragraph --><\/p>\n<p><\/p>\n<p><!-- \/wp:paragraph --><\/p>\n<\/div>\n<p><!-- \/wp:group --><!-- wp:paragraph {\"align\":\"center\",\"style\":{\"elements\":{\"link\":{\"color\":{\"text\":\"var:preset|color|black\"}}}},\"backgroundColor\":\"white\",\"textColor\":\"black\",\"fontSize\":\"medium\"} --><\/p>\n<p class=\"has-text-align-center has-black-color has-white-background-color has-text-color has-background has-link-color has-medium-font-size\">Mi\u0142o nam poinformowa\u0107, \u017ce kolejny realizowany projekt domu jednorodzinnego b\u0119dzie wykorzystywa\u0142 najnowsze technologie w oparciu o system inteligentnego domu. Zintegrowanie systemu rekuperacji, ogrzewania, klimatyzacji, systemu alarmowego, klimakonwektor\u00f3w, monitoringu, o\u015bwietlenia to jedno z naszych zada\u0144. Ciekawy projekt domu parterowego pozwoli nam wykorzysta\u0107 w pe\u0142ni mo\u017cliwo\u015bci systemu. Planowane zako\u0144czenie inwestycji to prze\u0142om 2025\/2026 roku.<\/p>\n<p><\/p>\n<div class=\"gs\">\n<div class=\"\">\n<div id=\":qe\" class=\"ii gt\">\n<div id=\":qf\" class=\"a3s aiL \">\n<div>&nbsp;<\/div>\n<\/div>\n<\/div>\n<\/div>\n<\/div>\n<p><!-- \/wp:paragraph --><\/p>\t\t\t\t\t\t\t\t<\/div>\n\t\t\t\t\t<\/div>\n\t\t\t\t<\/div>\n\t\t\t\t<\/div>\n\t\t","protected":false},"excerpt":{"rendered":"<p>Marzec 2026 Ju\u017c w ten weekend zapraszamy na 26 Mi\u0119dzynarodowe Targi Budownictwa w Gliwicach. Lipiec 2025 &nbsp; &nbsp; &nbsp; &nbsp; &hellip; <a href=\"https:\/\/elektrocomplete.pl\/index.php\/aktualnosci\/\" class=\"more-link\">Czytaj dalej <span class=\"screen-reader-text\">Aktualno\u015bci<\/span><\/a><\/p>\n","protected":false},"author":1,"featured_media":0,"parent":0,"menu_order":0,"comment_status":"closed","ping_status":"closed","template":"","meta":{"footnotes":""},"class_list":["post-77","page","type-page","status-publish","hentry"],"jetpack_sharing_enabled":true,"_links":{"self":[{"href":"https:\/\/elektrocomplete.pl\/index.php\/wp-json\/wp\/v2\/pages\/77","targetHints":{"allow":["GET"]}}],"collection":[{"href":"https:\/\/elektrocomplete.pl\/index.php\/wp-json\/wp\/v2\/pages"}],"about":[{"href":"https:\/\/elektrocomplete.pl\/index.php\/wp-json\/wp\/v2\/types\/page"}],"author":[{"embeddable":true,"href":"https:\/\/elektrocomplete.pl\/index.php\/wp-json\/wp\/v2\/users\/1"}],"replies":[{"embeddable":true,"href":"https:\/\/elektrocomplete.pl\/index.php\/wp-json\/wp\/v2\/comments?post=77"}],"version-history":[{"count":117,"href":"https:\/\/elektrocomplete.pl\/index.php\/wp-json\/wp\/v2\/pages\/77\/revisions"}],"predecessor-version":[{"id":880,"href":"https:\/\/elektrocomplete.pl\/index.php\/wp-json\/wp\/v2\/pages\/77\/revisions\/880"}],"wp:attachment":[{"href":"https:\/\/elektrocomplete.pl\/index.php\/wp-json\/wp\/v2\/media?parent=77"}],"curies":[{"name":"wp","href":"https:\/\/api.w.org\/{rel}","templated":true}]}}